{"id":1321,"date":"2023-10-26T11:13:33","date_gmt":"2023-10-26T09:13:33","guid":{"rendered":"https:\/\/soelden.goldschmied.taxi\/?page_id=1321"},"modified":"2023-12-28T23:46:33","modified_gmt":"2023-12-28T22:46:33","slug":"our-cars","status":"publish","type":"page","link":"https:\/\/soelden.goldschmied.taxi\/de\/our-cars\/","title":{"rendered":"Unsere Fahrzeuge"},"content":{"rendered":"<section class=\"wpb-content-wrapper\"><div class=\"wpdl-notice-wrap\"><\/div>\n<div class=\"vc_row wpb_row vc_row-fluid\"><div class=\"wpb_column vc_column_container vc_col-sm-12\"><div class=\"vc_column-inner\"><div class=\"wpb_wrapper\"><div class=\"vc_tta-container\" data-vc-action=\"collapse\"><div class=\"vc_general vc_tta vc_tta-tabs vc_tta-color-grey vc_tta-style-classic vc_tta-shape-rounded vc_tta-spacing-1 vc_tta-tabs-position-left vc_tta-controls-align-left\"><div class=\"vc_tta-tabs-container\"><ul class=\"vc_tta-tabs-list\"><li class=\"vc_tta-tab vc_active\" data-vc-tab><a href=\"#1698315805020-2a337058-66d9\" data-vc-tabs data-vc-container=\".vc_tta\"><span class=\"vc_tta-title-text\">Mercedes Benz V- Klasse<\/span><\/a><\/li><li class=\"vc_tta-tab\" data-vc-tab><a href=\"#1698316308483-2db14fe6-0e9b\" data-vc-tabs data-vc-container=\".vc_tta\"><span class=\"vc_tta-title-text\">Mercedes Benz VITO<\/span><\/a><\/li><li class=\"vc_tta-tab\" data-vc-tab><a href=\"#1698316325745-b627653b-b58d\" data-vc-tabs data-vc-container=\".vc_tta\"><span class=\"vc_tta-title-text\">Mercedes S-Klasse<\/span><\/a><\/li><li class=\"vc_tta-tab\" data-vc-tab><a href=\"#1698316328911-e91d7742-6803\" data-vc-tabs data-vc-container=\".vc_tta\"><span class=\"vc_tta-title-text\">Mercedes E-Klasse<\/span><\/a><\/li><li class=\"vc_tta-tab\" data-vc-tab><a href=\"#1698316332358-e51bf27e-b383\" data-vc-tabs data-vc-container=\".vc_tta\"><span class=\"vc_tta-title-text\">VW Caravelle<\/span><\/a><\/li><\/ul><\/div><div class=\"vc_tta-panels-container\"><div class=\"vc_tta-panels\"><div class=\"vc_tta-panel vc_active\" id=\"1698315805020-2a337058-66d9\" data-vc-content=\".vc_tta-panel-body\"><div class=\"vc_tta-panel-heading\"><h4 class=\"vc_tta-panel-title\"><a href=\"#1698315805020-2a337058-66d9\" data-vc-accordion data-vc-container=\".vc_tta-container\"><span class=\"vc_tta-title-text\">Mercedes Benz V- Klasse<\/span><\/a><\/h4><\/div><div class=\"vc_tta-panel-body\">\n\t<div  class=\"wpb_single_image wpb_content_element vc_align_center\">\n\t\t\n\t\t<figure class=\"wpb_wrapper vc_figure\">\n\t\t\t<div class=\"vc_single_image-wrapper   vc_box_border_grey\"><img loading=\"lazy\" decoding=\"async\" width=\"661\" height=\"378\" src=\"https:\/\/soelden.goldschmied.taxi\/wp-content\/uploads\/2023\/10\/v-klasse.png\" class=\"vc_single_image-img attachment-large\" alt=\"\" title=\"v-klasse\" srcset=\"https:\/\/soelden.goldschmied.taxi\/wp-content\/uploads\/2023\/10\/v-klasse.png 661w, https:\/\/soelden.goldschmied.taxi\/wp-content\/uploads\/2023\/10\/v-klasse-300x172.png 300w, https:\/\/soelden.goldschmied.taxi\/wp-content\/uploads\/2023\/10\/v-klasse-18x10.png 18w\" sizes=\"auto, (max-width: 661px) 100vw, 661px\" \/><\/div>\n\t\t<\/figure>\n\t<\/div>\n<div class=\"vc_message_box vc_message_box-solid-icon vc_message_box-rounded vc_color-chino wpb_animate_when_almost_visible wpb_bounceIn bounceIn\" ><div class=\"vc_message_box-icon\"><i class=\"fas fa-info-circle\"><\/i><\/div><div class=\"col-lg-6 order-2 order-lg-1 mt-3 mt-lg-0 d-flex flex-column justify-content-center aos-init aos-animate\" data-aos=\"fade-up\" data-aos-delay=\"100\">\n<h3>Mercedes V-Klasse<\/h3>\n<p class=\"fst-italic\">Die ger\u00e4umige Luxusklasse mit gen\u00fcgend Stauraum f\u00fcr das Gep\u00e4ck aller Mitreisenden.<\/p>\n<ul>\n<li><i class=\"bi bi-check2-all\"><\/i> Passagiere: 1 &#8211; 7<\/li>\n<li><i class=\"bi bi-check2-all\"><\/i> Mitnahme Winterausr\u00fcstung f\u00fcr jeden Passagier<\/li>\n<li>Kindersitz, Sitzerh\u00f6hung, Maxi-Cosi\u00a0 kostenlos<\/li>\n<\/ul>\n<\/div>\n<\/div><\/div><\/div><div class=\"vc_tta-panel\" id=\"1698316308483-2db14fe6-0e9b\" data-vc-content=\".vc_tta-panel-body\"><div class=\"vc_tta-panel-heading\"><h4 class=\"vc_tta-panel-title\"><a href=\"#1698316308483-2db14fe6-0e9b\" data-vc-accordion data-vc-container=\".vc_tta-container\"><span class=\"vc_tta-title-text\">Mercedes Benz VITO<\/span><\/a><\/h4><\/div><div class=\"vc_tta-panel-body\">\n\t<div  class=\"wpb_single_image wpb_content_element vc_align_center\">\n\t\t\n\t\t<figure class=\"wpb_wrapper vc_figure\">\n\t\t\t<a class=\"\" data-lightbox=\"lightbox[rel-1321-4154121376]\" href=\"https:\/\/soelden.goldschmied.taxi\/wp-content\/uploads\/2023\/07\/vito.png\" target=\"_self\"><img loading=\"lazy\" decoding=\"async\" width=\"800\" height=\"451\" src=\"https:\/\/soelden.goldschmied.taxi\/wp-content\/uploads\/2023\/07\/vito.png\" class=\"vc_single_image-img attachment-large\" alt=\"\" title=\"vito\" srcset=\"https:\/\/soelden.goldschmied.taxi\/wp-content\/uploads\/2023\/07\/vito.png 800w, https:\/\/soelden.goldschmied.taxi\/wp-content\/uploads\/2023\/07\/vito-300x169.png 300w, https:\/\/soelden.goldschmied.taxi\/wp-content\/uploads\/2023\/07\/vito-768x433.png 768w, https:\/\/soelden.goldschmied.taxi\/wp-content\/uploads\/2023\/07\/vito-18x10.png 18w\" sizes=\"auto, (max-width: 800px) 100vw, 800px\" \/><\/a>\n\t\t<\/figure>\n\t<\/div>\n<div class=\"vc_message_box vc_message_box-solid-icon vc_message_box-rounded vc_color-chino wpb_animate_when_almost_visible wpb_bounceIn bounceIn\" ><div class=\"vc_message_box-icon\"><i class=\"fas fa-info-circle\"><\/i><\/div><div class=\"col-lg-6 order-2 order-lg-1 mt-3 mt-lg-0 d-flex flex-column justify-content-center aos-init aos-animate\" data-aos=\"fade-up\" data-aos-delay=\"100\">\n<h3>Mercedes V-Klasse<\/h3>\n<p class=\"fst-italic\">Die ger\u00e4umige Luxusklasse mit gen\u00fcgend Stauraum f\u00fcr das Gep\u00e4ck aller Mitreisenden.<\/p>\n<ul>\n<li><i class=\"bi bi-check2-all\"><\/i> Passagiere: 1 &#8211; 7<\/li>\n<li><i class=\"bi bi-check2-all\"><\/i> Mitnahme Winterausr\u00fcstung f\u00fcr jeden Passagier<\/li>\n<li>Kindersitz, Sitzerh\u00f6hung, Maxi-Cosi\u00a0 kostenlos<\/li>\n<\/ul>\n<\/div>\n<\/div><\/div><\/div><div class=\"vc_tta-panel\" id=\"1698316325745-b627653b-b58d\" data-vc-content=\".vc_tta-panel-body\"><div class=\"vc_tta-panel-heading\"><h4 class=\"vc_tta-panel-title\"><a href=\"#1698316325745-b627653b-b58d\" data-vc-accordion data-vc-container=\".vc_tta-container\"><span class=\"vc_tta-title-text\">Mercedes S-Klasse<\/span><\/a><\/h4><\/div><div class=\"vc_tta-panel-body\">\n\t<div  class=\"wpb_single_image wpb_content_element vc_align_center\">\n\t\t\n\t\t<figure class=\"wpb_wrapper vc_figure\">\n\t\t\t<div class=\"vc_single_image-wrapper   vc_box_border_grey\"><img loading=\"lazy\" decoding=\"async\" width=\"707\" height=\"353\" src=\"https:\/\/soelden.goldschmied.taxi\/wp-content\/uploads\/2023\/10\/s-klasse.png\" class=\"vc_single_image-img attachment-large\" alt=\"\" title=\"s-klasse\" srcset=\"https:\/\/soelden.goldschmied.taxi\/wp-content\/uploads\/2023\/10\/s-klasse.png 707w, https:\/\/soelden.goldschmied.taxi\/wp-content\/uploads\/2023\/10\/s-klasse-300x150.png 300w, https:\/\/soelden.goldschmied.taxi\/wp-content\/uploads\/2023\/10\/s-klasse-18x9.png 18w\" sizes=\"auto, (max-width: 707px) 100vw, 707px\" \/><\/div>\n\t\t<\/figure>\n\t<\/div>\n<div class=\"vc_message_box vc_message_box-solid-icon vc_message_box-rounded vc_color-chino wpb_animate_when_almost_visible wpb_bounceIn bounceIn\" ><div class=\"vc_message_box-icon\"><i class=\"fas fa-info-circle\"><\/i><\/div><h3>Mercedes S-Klasse<\/h3>\n<p>Die Luxusklasse\u00a0 bringt Sie bequem von A nach B.<\/p>\n<ul>\n<li>Passagiere: 1 &#8211; 3<\/li>\n<li>Mitnahme Winterausr\u00fcstung von Art der Ausr\u00fcstung und Anzahl Personen abh\u00e4ngig.<\/li>\n<li>Kindersitz, Sitzerh\u00f6hung, Maxi-Cosi\u00a0 kostenlos<\/li>\n<\/ul>\n<\/div><\/div><\/div><div class=\"vc_tta-panel\" id=\"1698316328911-e91d7742-6803\" data-vc-content=\".vc_tta-panel-body\"><div class=\"vc_tta-panel-heading\"><h4 class=\"vc_tta-panel-title\"><a href=\"#1698316328911-e91d7742-6803\" data-vc-accordion data-vc-container=\".vc_tta-container\"><span class=\"vc_tta-title-text\">Mercedes E-Klasse<\/span><\/a><\/h4><\/div><div class=\"vc_tta-panel-body\">\n\t<div  class=\"wpb_single_image wpb_content_element vc_align_center\">\n\t\t\n\t\t<figure class=\"wpb_wrapper vc_figure\">\n\t\t\t<div class=\"vc_single_image-wrapper   vc_box_border_grey\"><img loading=\"lazy\" decoding=\"async\" width=\"682\" height=\"366\" src=\"https:\/\/soelden.goldschmied.taxi\/wp-content\/uploads\/2023\/10\/e-kombi.png\" class=\"vc_single_image-img attachment-large\" alt=\"\" title=\"e-kombi\" srcset=\"https:\/\/soelden.goldschmied.taxi\/wp-content\/uploads\/2023\/10\/e-kombi.png 682w, https:\/\/soelden.goldschmied.taxi\/wp-content\/uploads\/2023\/10\/e-kombi-300x161.png 300w, https:\/\/soelden.goldschmied.taxi\/wp-content\/uploads\/2023\/10\/e-kombi-18x10.png 18w\" sizes=\"auto, (max-width: 682px) 100vw, 682px\" \/><\/div>\n\t\t<\/figure>\n\t<\/div>\n<div class=\"vc_message_box vc_message_box-solid-icon vc_message_box-rounded vc_color-chino wpb_animate_when_almost_visible wpb_bounceIn bounceIn\" ><div class=\"vc_message_box-icon\"><i class=\"fas fa-info-circle\"><\/i><\/div><div class=\"col-lg-6 order-2 order-lg-1 mt-3 mt-lg-0 d-flex flex-column justify-content-center aos-init aos-animate\" data-aos=\"fade-up\" data-aos-delay=\"100\">\n<h3>Mercedes E-Klasse Kombi<\/h3>\n<p>Die gro\u00dfe Luxusklasse bringt Sie bequem von A nach B.<\/p>\n<ul>\n<li>Passagiere: 1 &#8211; 3<\/li>\n<li>Mitnahme Winterausr\u00fcstung von Art der Ausr\u00fcstung und Anzahl Personen abh\u00e4ngig.<\/li>\n<li>Kindersitz, Sitzerh\u00f6hung, Maxi-Cosi kostenlos<\/li>\n<\/ul>\n<\/div>\n<\/div><\/div><\/div><div class=\"vc_tta-panel\" id=\"1698316332358-e51bf27e-b383\" data-vc-content=\".vc_tta-panel-body\"><div class=\"vc_tta-panel-heading\"><h4 class=\"vc_tta-panel-title\"><a href=\"#1698316332358-e51bf27e-b383\" data-vc-accordion data-vc-container=\".vc_tta-container\"><span class=\"vc_tta-title-text\">VW Caravelle<\/span><\/a><\/h4><\/div><div class=\"vc_tta-panel-body\">\n\t<div  class=\"wpb_single_image wpb_content_element vc_align_center\">\n\t\t\n\t\t<figure class=\"wpb_wrapper vc_figure\">\n\t\t\t<div class=\"vc_single_image-wrapper   vc_box_border_grey\"><img loading=\"lazy\" decoding=\"async\" width=\"586\" height=\"369\" src=\"https:\/\/soelden.goldschmied.taxi\/wp-content\/uploads\/2023\/11\/Daco_3883195.png\" class=\"vc_single_image-img attachment-large\" alt=\"vw\" title=\"Vw\" srcset=\"https:\/\/soelden.goldschmied.taxi\/wp-content\/uploads\/2023\/11\/Daco_3883195.png 586w, https:\/\/soelden.goldschmied.taxi\/wp-content\/uploads\/2023\/11\/Daco_3883195-300x189.png 300w, https:\/\/soelden.goldschmied.taxi\/wp-content\/uploads\/2023\/11\/Daco_3883195-18x12.png 18w\" sizes=\"auto, (max-width: 586px) 100vw, 586px\" \/><\/div>\n\t\t<\/figure>\n\t<\/div>\n<div class=\"vc_message_box vc_message_box-solid-icon vc_message_box-rounded vc_color-chino wpb_animate_when_almost_visible wpb_bounceIn bounceIn\" ><div class=\"vc_message_box-icon\"><i class=\"fas fa-info-circle\"><\/i><\/div><div class=\"col-lg-6 order-2 order-lg-1 mt-3 mt-lg-0 d-flex flex-column justify-content-center aos-init aos-animate\" data-aos=\"fade-up\" data-aos-delay=\"100\">\n<h3>VW Caravelle<\/h3>\n<p>Unser gr\u00f6\u00dftes Fahrzeug in der Flotte. Perfekt f\u00fcr den Transport im Winter mit viel Zusatzgepa\u00e4ck.<\/p>\n<ul>\n<li>Passagiere: 1 &#8211; 8<\/li>\n<li>Mitnahme Winterausr\u00fcstung von Art der Ausr\u00fcstung und Anzahl Personen abh\u00e4ngig.<\/li>\n<li>Kindersitz, Sitzerh\u00f6hung, Maxi-Cosi kostenlos<\/li>\n<\/ul>\n<p>&nbsp;<\/p>\n<\/div>\n<div id=\"simple-translate\" class=\"simple-translate-system-theme\">\n<div>\n<div class=\"simple-translate-button isShow\" style=\"background-image: url('moz-extension:\/\/2ee31fc6-168b-4c2d-ac58-713d2a434575\/icons\/512.png'); height: 22px; width: 22px; top: 190px; left: 321px;\"><\/div>\n<div class=\"simple-translate-panel\" style=\"width: 300px; height: 200px; top: 0px; left: 0px; font-size: 13px;\">\n<div class=\"simple-translate-result-wrapper\" style=\"overflow: hidden;\">\n<div class=\"simple-translate-move\" draggable=\"true\"><\/div>\n<div class=\"simple-translate-result-contents\">\n<p class=\"simple-translate-candidate\" dir=\"auto\">\n<\/div>\n<\/div>\n<\/div>\n<\/div>\n<\/div>\n<\/div><\/div><\/div><\/div><\/div><\/div><\/div><\/div><\/div><\/div><\/div>\n<\/section>","protected":false},"excerpt":{"rendered":"Mercedes Benz V- KlasseMercedes Benz VITOMercedes S-KlasseMercedes E-KlasseVW CaravelleMercedes Benz V- Klasse Mercedes V-Klasse Die ger\u00e4umige Luxusklasse mit gen\u00fcgend Stauraum f\u00fcr das Gep\u00e4ck aller Mitreisenden. Passagiere: 1 - 7 Mitnahme Winterausr\u00fcstung f\u00fcr jeden Passagier Kindersitz, Sitzerh\u00f6hung, Maxi-Cosi\u00a0 kostenlos Mercedes Benz VITO Mercedes V-Klasse Die ger\u00e4umige Luxusklasse mit gen\u00fcgend Stauraum f\u00fcr das Gep\u00e4ck aller Mitreisenden. Passagiere: [...]","protected":false},"author":1,"featured_media":0,"parent":0,"menu_order":0,"comment_status":"closed","ping_status":"closed","template":"","meta":{"footnotes":""},"class_list":["post-1321","page","type-page","status-publish","hentry"],"yoast_head":"<!-- This site is optimized with the Yoast SEO Premium plugin v21.7 (Yoast SEO v21.7) - https:\/\/yoast.com\/wordpress\/plugins\/seo\/ -->\n<title>Our Cars | Taxi S\u00f6lden | Ihr zuverl\u00e4ssiger Transfer in S\u00f6lden und Umgebung<\/title>\n<meta name=\"description\" content=\"Taxi S\u00f6lden\" \/>\n<meta name=\"robots\" content=\"index, follow, max-snippet:-1, max-image-preview:large, max-video-preview:-1\" \/>\n<link rel=\"canonical\" href=\"https:\/\/soelden.goldschmied.taxi\/de\/our-cars\/\" \/>\n<meta property=\"og:locale\" content=\"de_DE\" \/>\n<meta property=\"og:type\" content=\"article\" \/>\n<meta property=\"og:title\" content=\"Our Cars\" \/>\n<meta property=\"og:description\" content=\"Taxi S\u00f6lden\" \/>\n<meta property=\"og:url\" content=\"https:\/\/soelden.goldschmied.taxi\/de\/our-cars\/\" \/>\n<meta property=\"og:site_name\" content=\"Taxi S\u00f6lden | Ihr zuverl\u00e4ssiger Transfer in S\u00f6lden und Umgebung\" \/>\n<meta property=\"article:modified_time\" content=\"2023-12-28T22:46:33+00:00\" \/>\n<meta property=\"og:image\" content=\"https:\/\/soelden.goldschmied.taxi\/wp-content\/uploads\/2023\/10\/google.jpg\" \/>\n\t<meta property=\"og:image:width\" content=\"468\" \/>\n\t<meta property=\"og:image:height\" content=\"254\" \/>\n\t<meta property=\"og:image:type\" content=\"image\/jpeg\" \/>\n<meta name=\"twitter:card\" content=\"summary_large_image\" \/>\n<meta name=\"twitter:label1\" content=\"Gesch\u00e4tzte Lesezeit\" \/>\n\t<meta name=\"twitter:data1\" content=\"2\u00a0Minuten\" \/>\n<script type=\"application\/ld+json\" class=\"yoast-schema-graph\">{\"@context\":\"https:\/\/schema.org\",\"@graph\":[{\"@type\":\"WebPage\",\"@id\":\"https:\/\/soelden.goldschmied.taxi\/our-cars\/\",\"url\":\"https:\/\/soelden.goldschmied.taxi\/our-cars\/\",\"name\":\"Our Cars | Taxi S\u00f6lden | Ihr zuverl\u00e4ssiger Transfer in S\u00f6lden und Umgebung\",\"isPartOf\":{\"@id\":\"https:\/\/soelden.goldschmied.taxi\/#website\"},\"datePublished\":\"2023-10-26T09:13:33+00:00\",\"dateModified\":\"2023-12-28T22:46:33+00:00\",\"description\":\"Taxi S\u00f6lden\",\"breadcrumb\":{\"@id\":\"https:\/\/soelden.goldschmied.taxi\/our-cars\/#breadcrumb\"},\"inLanguage\":\"de\",\"potentialAction\":[{\"@type\":\"ReadAction\",\"target\":[\"https:\/\/soelden.goldschmied.taxi\/our-cars\/\"]}]},{\"@type\":\"BreadcrumbList\",\"@id\":\"https:\/\/soelden.goldschmied.taxi\/our-cars\/#breadcrumb\",\"itemListElement\":[{\"@type\":\"ListItem\",\"position\":1,\"name\":\"Startseite\",\"item\":\"https:\/\/soelden.goldschmied.taxi\/\"},{\"@type\":\"ListItem\",\"position\":2,\"name\":\"Our Cars\"}]},{\"@type\":\"WebSite\",\"@id\":\"https:\/\/soelden.goldschmied.taxi\/#website\",\"url\":\"https:\/\/soelden.goldschmied.taxi\/\",\"name\":\"Taxi S\u00f6lden | Ihr zuverl\u00e4ssiger Transfer in S\u00f6lden und Umgebung\",\"description\":\"Fast and Reliable Transportation\",\"publisher\":{\"@id\":\"https:\/\/soelden.goldschmied.taxi\/#organization\"},\"potentialAction\":[{\"@type\":\"SearchAction\",\"target\":{\"@type\":\"EntryPoint\",\"urlTemplate\":\"https:\/\/soelden.goldschmied.taxi\/?s={search_term_string}\"},\"query-input\":\"required name=search_term_string\"}],\"inLanguage\":\"de\"},{\"@type\":\"Organization\",\"@id\":\"https:\/\/soelden.goldschmied.taxi\/#organization\",\"name\":\"Taxi S\u00f6lden\",\"alternateName\":\"Taxi S\u00f6lden\",\"url\":\"https:\/\/soelden.goldschmied.taxi\/\",\"logo\":{\"@type\":\"ImageObject\",\"inLanguage\":\"de\",\"@id\":\"https:\/\/soelden.goldschmied.taxi\/#\/schema\/logo\/image\/\",\"url\":\"https:\/\/soelden.goldschmied.taxi\/wp-content\/uploads\/2023\/10\/slide1-2.jpg\",\"contentUrl\":\"https:\/\/soelden.goldschmied.taxi\/wp-content\/uploads\/2023\/10\/slide1-2.jpg\",\"width\":2048,\"height\":1387,\"caption\":\"Taxi S\u00f6lden\"},\"image\":{\"@id\":\"https:\/\/soelden.goldschmied.taxi\/#\/schema\/logo\/image\/\"}}]}<\/script>\n<!-- \/ Yoast SEO Premium plugin. -->","yoast_head_json":{"title":"Our Cars | Taxi S\u00f6lden | Ihr zuverl\u00e4ssiger Transfer in S\u00f6lden und Umgebung","description":"Taxi S\u00f6lden","robots":{"index":"index","follow":"follow","max-snippet":"max-snippet:-1","max-image-preview":"max-image-preview:large","max-video-preview":"max-video-preview:-1"},"canonical":"https:\/\/soelden.goldschmied.taxi\/de\/our-cars\/","og_locale":"de_DE","og_type":"article","og_title":"Our Cars","og_description":"Taxi S\u00f6lden","og_url":"https:\/\/soelden.goldschmied.taxi\/de\/our-cars\/","og_site_name":"Taxi S\u00f6lden | Ihr zuverl\u00e4ssiger Transfer in S\u00f6lden und Umgebung","article_modified_time":"2023-12-28T22:46:33+00:00","og_image":[{"width":468,"height":254,"url":"https:\/\/soelden.goldschmied.taxi\/wp-content\/uploads\/2023\/10\/google.jpg","type":"image\/jpeg"}],"twitter_card":"summary_large_image","twitter_misc":{"Gesch\u00e4tzte Lesezeit":"2\u00a0Minuten"},"schema":{"@context":"https:\/\/schema.org","@graph":[{"@type":"WebPage","@id":"https:\/\/soelden.goldschmied.taxi\/our-cars\/","url":"https:\/\/soelden.goldschmied.taxi\/our-cars\/","name":"Our Cars | Taxi S\u00f6lden | Ihr zuverl\u00e4ssiger Transfer in S\u00f6lden und Umgebung","isPartOf":{"@id":"https:\/\/soelden.goldschmied.taxi\/#website"},"datePublished":"2023-10-26T09:13:33+00:00","dateModified":"2023-12-28T22:46:33+00:00","description":"Taxi S\u00f6lden","breadcrumb":{"@id":"https:\/\/soelden.goldschmied.taxi\/our-cars\/#breadcrumb"},"inLanguage":"de","potentialAction":[{"@type":"ReadAction","target":["https:\/\/soelden.goldschmied.taxi\/our-cars\/"]}]},{"@type":"BreadcrumbList","@id":"https:\/\/soelden.goldschmied.taxi\/our-cars\/#breadcrumb","itemListElement":[{"@type":"ListItem","position":1,"name":"Startseite","item":"https:\/\/soelden.goldschmied.taxi\/"},{"@type":"ListItem","position":2,"name":"Our Cars"}]},{"@type":"WebSite","@id":"https:\/\/soelden.goldschmied.taxi\/#website","url":"https:\/\/soelden.goldschmied.taxi\/","name":"Taxi S\u00f6lden | Ihr zuverl\u00e4ssiger Transfer in S\u00f6lden und Umgebung","description":"Fast and Reliable Transportation","publisher":{"@id":"https:\/\/soelden.goldschmied.taxi\/#organization"},"potentialAction":[{"@type":"SearchAction","target":{"@type":"EntryPoint","urlTemplate":"https:\/\/soelden.goldschmied.taxi\/?s={search_term_string}"},"query-input":"required name=search_term_string"}],"inLanguage":"de"},{"@type":"Organization","@id":"https:\/\/soelden.goldschmied.taxi\/#organization","name":"Taxi S\u00f6lden","alternateName":"Taxi S\u00f6lden","url":"https:\/\/soelden.goldschmied.taxi\/","logo":{"@type":"ImageObject","inLanguage":"de","@id":"https:\/\/soelden.goldschmied.taxi\/#\/schema\/logo\/image\/","url":"https:\/\/soelden.goldschmied.taxi\/wp-content\/uploads\/2023\/10\/slide1-2.jpg","contentUrl":"https:\/\/soelden.goldschmied.taxi\/wp-content\/uploads\/2023\/10\/slide1-2.jpg","width":2048,"height":1387,"caption":"Taxi S\u00f6lden"},"image":{"@id":"https:\/\/soelden.goldschmied.taxi\/#\/schema\/logo\/image\/"}}]}},"_links":{"self":[{"href":"https:\/\/soelden.goldschmied.taxi\/de\/wp-json\/wp\/v2\/pages\/1321","targetHints":{"allow":["GET"]}}],"collection":[{"href":"https:\/\/soelden.goldschmied.taxi\/de\/wp-json\/wp\/v2\/pages"}],"about":[{"href":"https:\/\/soelden.goldschmied.taxi\/de\/wp-json\/wp\/v2\/types\/page"}],"author":[{"embeddable":true,"href":"https:\/\/soelden.goldschmied.taxi\/de\/wp-json\/wp\/v2\/users\/1"}],"replies":[{"embeddable":true,"href":"https:\/\/soelden.goldschmied.taxi\/de\/wp-json\/wp\/v2\/comments?post=1321"}],"version-history":[{"count":5,"href":"https:\/\/soelden.goldschmied.taxi\/de\/wp-json\/wp\/v2\/pages\/1321\/revisions"}],"predecessor-version":[{"id":1473,"href":"https:\/\/soelden.goldschmied.taxi\/de\/wp-json\/wp\/v2\/pages\/1321\/revisions\/1473"}],"wp:attachment":[{"href":"https:\/\/soelden.goldschmied.taxi\/de\/wp-json\/wp\/v2\/media?parent=1321"}],"curies":[{"name":"wp","href":"https:\/\/api.w.org\/{rel}","templated":true}]}}